{"id":462,"date":"2016-11-28T18:32:55","date_gmt":"2016-11-28T17:32:55","guid":{"rendered":"https:\/\/www.sibyllekaminski.de\/coaching-koeln\/?page_id=462"},"modified":"2026-04-11T09:49:53","modified_gmt":"2026-04-11T07:49:53","slug":"kontakt","status":"publish","type":"page","link":"https:\/\/www.sibyllekaminski.de\/coaching-koeln\/kontakt","title":{"rendered":"Kontakt"},"content":{"rendered":"<div class=\"row\">\n<div class=\"small-12 medium-6 columns nopad\">\n<h3>Sibylle Kaminski<\/h3>\n<p><strong>Relax your work\u00ae<br \/>\n<\/strong>Mevissenstra\u00dfe 16<br \/>\n50668 K\u00f6ln (N\u00e4he Ebertplatz, Dom\/Hbf)<br \/>\nTel. 0173 &#8211; 74 57 767<\/p>\n&#x63;o&#x6e;&#116;a&#x63;&#116;&#x28;&#x40;)&#x73;&#105;b&#x79;&#108;&#x6c;&#101;k&#x61;&#109;i&#x6e;&#115;&#x6b;&#105;&#46;&#x64;&#101;\n<p>&nbsp;<\/p>\n<div class=\"row nopadding\"><div class=\"small-12 columns\" id=\"buchungsdiv\"><a href=\"https:\/\/www.terminland.de\/sibyllekaminski\/\"  target=\"_blank\" id=\"buchungsbutton\"  title=\"Hier geht\u2019s zu meinem Terminkalender\" style=\"line-height:42px;margin-left:auto;margin-right:10px;margin-bottom:10px;float:left;\">Klarheit buchen<\/a><a href=\"https:\/\/www.sibyllekaminski.de\/coaching-koeln\/wp-content\/uploads\/terminbuchung\/Gemeinsam_vorw\u00e4rts_denken.pdf\" target=\"_blank\" title=\"So gestaltet sich die Zusammenarbeit mit mir.\" style=\"line-height:42px;float:left\" id=\"hinweisbutton\">Gemeinsam vorw\u00e4rts denken<\/a><\/div><\/div>\n<p>&nbsp;<\/p>\n<figure id=\"attachment_3628\" aria-describedby=\"caption-attachment-3628\" style=\"width: 500px\" class=\"wp-caption alignnone\"><img loading=\"lazy\" decoding=\"async\" class=\"size-full wp-image-3628\" src=\"https:\/\/www.sibyllekaminski.de\/coaching-koeln\/wp-content\/uploads\/2306_sibylle-kaminski-fotocrendel-freude-0024-scaled-e1775893736818.jpg\" alt=\"\" width=\"500\" height=\"333\" \/><figcaption id=\"caption-attachment-3628\" class=\"wp-caption-text\">Portrait Sibylle Kaminski von Rendel Freude<\/figcaption><\/figure>\n<p>&nbsp;<\/p>\n<\/div>\n<div class=\"small-12 medium-6 columns nopad\">\n<h3>Danke f\u00fcr gute Zusammenarbeit:<\/h3>\n<p>Nicola Sturm, Businesscoaching D\u00fcsseldorf<a href=\"http:\/\/www.sturm-coaching.de\"> www.sturm-coaching.de<\/a><\/p>\n<p>Michael Schreiber, Webdesign und -Programmierung <a href=\"http:\/\/www.msnc.de\/\">http:\/\/www.msnc.de\/<\/a><\/p>\n<p>Rendel Freude &#8211; Freude Design\u00a0<a href=\"http:\/\/www.rendel-freude.de\" target=\"_blank\" rel=\"noopener noreferrer\">www.rendel-freude.de<\/a><\/p>\n<p>Ute Vogel, Web- und Grafikdesign <a href=\"http:\/\/www.frau-vogel.de\/\" target=\"_blank\" rel=\"noopener noreferrer\">www.frau-vogel.de<\/a><\/p>\n<p>Beate Rohlfs, Praxis f\u00fcr Logop\u00e4die <a href=\"http:\/\/www.koeln-logopaedie.de\">http:\/\/www.koeln-logopaedie.de<\/a><\/p>\n<p>&#8230; f\u00fcr gro\u00dfartige Unterst\u00fctzung:<\/p>\n<p>Elke Herbst und Leona Kaminski<\/p>\n<p><a href=\"https:\/\/fc.de\/aktuelles\/news\/jakub-kaminski-kommt-aus-wolfsburg\">Jakub Kaminski<\/a><\/p>\n<p>&nbsp;<\/p>\n<\/div>\n<p><strong>Bitte unterst\u00fctzen Sie Organisationen, die sich gegen Gewalt, Rassismus und Queerfeindlichkeit einsetzen.<\/strong><br \/>\n<a href=\"https:\/\/frauenberatungszentrum-koeln.de\/ihre-unterstuetzung\/\"><strong> Zum Beispiel das Frauenberatungszentrum K\u00f6ln<\/strong><\/a><\/p>\n<div class=\"small-12 medium-6 columns nopad\">\n<p>&nbsp;<\/p>\n<\/div>\n<\/div>\n","protected":false},"excerpt":{"rendered":"<p>Sibylle Kaminski Relax your work\u00ae Mevissenstra\u00dfe 16 50668 K\u00f6ln (N\u00e4he Ebertplatz, Dom\/Hbf) Tel. 0173 &#8211; 74 57 767 &nbsp; &nbsp; &nbsp; Danke f\u00fcr gute Zusammenarbeit: Nicola Sturm, Businesscoaching D\u00fcsseldorf www.sturm-coaching.de Michael Schreiber, Webdesign und -Programmierung http:\/\/www.msnc.de\/ Rendel Freude &#8211; Freude Design\u00a0www.rendel-freude.de Ute Vogel, Web- und Grafikdesign www.frau-vogel.de Beate Rohlfs, Praxis f\u00fcr Logop\u00e4die http:\/\/www.koeln-logopaedie.de &#8230; f\u00fcr [&hellip;]<\/p>\n","protected":false},"author":6,"featured_media":0,"parent":0,"menu_order":0,"comment_status":"closed","ping_status":"closed","template":"","meta":{"footnotes":""},"class_list":["post-462","page","type-page","status-publish","hentry"],"yoast_head":"<!-- This site is optimized with the Yoast SEO plugin v27.5 - https:\/\/yoast.com\/product\/yoast-seo-wordpress\/ -->\n<title>Kontakt - Coaching K\u00f6ln. Sibylle Kaminski.<\/title>\n<meta name=\"description\" content=\"\u27a4 Sibylle Kaminski, Coaching K\u00f6ln, \u2709 Mevissenstra\u00dfe 16, 50668 K\u00f6ln (N\u00e4he Hbf, Ebertplatz), \u260e 0173-7457767.\" \/>\n<meta name=\"robots\" content=\"index, follow, max-snippet:-1, max-image-preview:large, max-video-preview:-1\" \/>\n<link rel=\"canonical\" href=\"https:\/\/www.sibyllekaminski.de\/coaching-koeln\/kontakt\" \/>\n<meta property=\"og:locale\" content=\"de_DE\" \/>\n<meta property=\"og:type\" content=\"article\" \/>\n<meta property=\"og:title\" content=\"Kontakt - Coaching K\u00f6ln. Sibylle Kaminski.\" \/>\n<meta property=\"og:description\" content=\"\u27a4 Sibylle Kaminski, Coaching K\u00f6ln, \u2709 Mevissenstra\u00dfe 16, 50668 K\u00f6ln (N\u00e4he Hbf, Ebertplatz), \u260e 0173-7457767.\" \/>\n<meta property=\"og:url\" content=\"https:\/\/www.sibyllekaminski.de\/coaching-koeln\/kontakt\" \/>\n<meta property=\"og:site_name\" content=\"Coaching K\u00f6ln. Sibylle Kaminski.\" \/>\n<meta property=\"article:publisher\" content=\"https:\/\/www.facebook.com\/relax.your.work\/\" \/>\n<meta property=\"article:modified_time\" content=\"2026-04-11T07:49:53+00:00\" \/>\n<meta property=\"og:image\" content=\"https:\/\/www.sibyllekaminski.de\/coaching-koeln\/wp-content\/uploads\/2306_sibylle-kaminski-fotocrendel-freude-0024-scaled-e1775893736818.jpg\" \/>\n\t<meta property=\"og:image:width\" content=\"500\" \/>\n\t<meta property=\"og:image:height\" content=\"333\" \/>\n\t<meta property=\"og:image:type\" content=\"image\/jpeg\" \/>\n<meta name=\"twitter:card\" content=\"summary_large_image\" \/>\n<meta name=\"twitter:label1\" content=\"Gesch\u00e4tzte Lesezeit\" \/>\n\t<meta name=\"twitter:data1\" content=\"1\u00a0Minute\" \/>\n<script type=\"application\/ld+json\" class=\"yoast-schema-graph\">{\"@context\":\"https:\\\/\\\/schema.org\",\"@graph\":[{\"@type\":\"WebPage\",\"@id\":\"https:\\\/\\\/www.sibyllekaminski.de\\\/coaching-koeln\\\/kontakt\",\"url\":\"https:\\\/\\\/www.sibyllekaminski.de\\\/coaching-koeln\\\/kontakt\",\"name\":\"Kontakt - Coaching K\u00f6ln. Sibylle Kaminski.\",\"isPartOf\":{\"@id\":\"https:\\\/\\\/www.sibyllekaminski.de\\\/coaching-koeln\\\/#website\"},\"primaryImageOfPage\":{\"@id\":\"https:\\\/\\\/www.sibyllekaminski.de\\\/coaching-koeln\\\/kontakt#primaryimage\"},\"image\":{\"@id\":\"https:\\\/\\\/www.sibyllekaminski.de\\\/coaching-koeln\\\/kontakt#primaryimage\"},\"thumbnailUrl\":\"https:\\\/\\\/www.sibyllekaminski.de\\\/coaching-koeln\\\/wp-content\\\/uploads\\\/2306_sibylle-kaminski-fotocrendel-freude-0024-scaled-e1775893736818.jpg\",\"datePublished\":\"2016-11-28T17:32:55+00:00\",\"dateModified\":\"2026-04-11T07:49:53+00:00\",\"description\":\"\u27a4 Sibylle Kaminski, Coaching K\u00f6ln, \u2709 Mevissenstra\u00dfe 16, 50668 K\u00f6ln (N\u00e4he Hbf, Ebertplatz), \u260e 0173-7457767.\",\"breadcrumb\":{\"@id\":\"https:\\\/\\\/www.sibyllekaminski.de\\\/coaching-koeln\\\/kontakt#breadcrumb\"},\"inLanguage\":\"de\",\"potentialAction\":[{\"@type\":\"ReadAction\",\"target\":[\"https:\\\/\\\/www.sibyllekaminski.de\\\/coaching-koeln\\\/kontakt\"]}]},{\"@type\":\"ImageObject\",\"inLanguage\":\"de\",\"@id\":\"https:\\\/\\\/www.sibyllekaminski.de\\\/coaching-koeln\\\/kontakt#primaryimage\",\"url\":\"https:\\\/\\\/www.sibyllekaminski.de\\\/coaching-koeln\\\/wp-content\\\/uploads\\\/2306_sibylle-kaminski-fotocrendel-freude-0024-scaled-e1775893736818.jpg\",\"contentUrl\":\"https:\\\/\\\/www.sibyllekaminski.de\\\/coaching-koeln\\\/wp-content\\\/uploads\\\/2306_sibylle-kaminski-fotocrendel-freude-0024-scaled-e1775893736818.jpg\",\"width\":500,\"height\":333,\"caption\":\"Portrait Sibylle Kaminski\"},{\"@type\":\"BreadcrumbList\",\"@id\":\"https:\\\/\\\/www.sibyllekaminski.de\\\/coaching-koeln\\\/kontakt#breadcrumb\",\"itemListElement\":[{\"@type\":\"ListItem\",\"position\":1,\"name\":\"Startseite\",\"item\":\"https:\\\/\\\/www.sibyllekaminski.de\\\/coaching-koeln\\\/\"},{\"@type\":\"ListItem\",\"position\":2,\"name\":\"Kontakt\"}]},{\"@type\":\"WebSite\",\"@id\":\"https:\\\/\\\/www.sibyllekaminski.de\\\/coaching-koeln\\\/#website\",\"url\":\"https:\\\/\\\/www.sibyllekaminski.de\\\/coaching-koeln\\\/\",\"name\":\"Coaching K\u00f6ln. Sibylle Kaminski.\",\"description\":\"Systemisches Business Coaching und Life Coaching in K\u00f6ln. Stressbew\u00e4ltigungsseminare. Achtsamkeitsseminar im Kloster. Durchsetzungstraining f\u00fcr Frauen.\",\"publisher\":{\"@id\":\"https:\\\/\\\/www.sibyllekaminski.de\\\/coaching-koeln\\\/#organization\"},\"potentialAction\":[{\"@type\":\"SearchAction\",\"target\":{\"@type\":\"EntryPoint\",\"urlTemplate\":\"https:\\\/\\\/www.sibyllekaminski.de\\\/coaching-koeln\\\/?s={search_term_string}\"},\"query-input\":{\"@type\":\"PropertyValueSpecification\",\"valueRequired\":true,\"valueName\":\"search_term_string\"}}],\"inLanguage\":\"de\"},{\"@type\":\"Organization\",\"@id\":\"https:\\\/\\\/www.sibyllekaminski.de\\\/coaching-koeln\\\/#organization\",\"name\":\"Erfolgswege f\u00fcr Menschen und Unternehmen\",\"url\":\"https:\\\/\\\/www.sibyllekaminski.de\\\/coaching-koeln\\\/\",\"logo\":{\"@type\":\"ImageObject\",\"inLanguage\":\"de\",\"@id\":\"https:\\\/\\\/www.sibyllekaminski.de\\\/coaching-koeln\\\/#\\\/schema\\\/logo\\\/image\\\/\",\"url\":\"https:\\\/\\\/www.sibyllekaminski.de\\\/coaching-koeln\\\/wp-content\\\/uploads\\\/2016\\\/10\\\/logo.png\",\"contentUrl\":\"https:\\\/\\\/www.sibyllekaminski.de\\\/coaching-koeln\\\/wp-content\\\/uploads\\\/2016\\\/10\\\/logo.png\",\"width\":534,\"height\":78,\"caption\":\"Erfolgswege f\u00fcr Menschen und Unternehmen\"},\"image\":{\"@id\":\"https:\\\/\\\/www.sibyllekaminski.de\\\/coaching-koeln\\\/#\\\/schema\\\/logo\\\/image\\\/\"},\"sameAs\":[\"https:\\\/\\\/www.facebook.com\\\/relax.your.work\\\/\"]}]}<\/script>\n<!-- \/ Yoast SEO plugin. -->","yoast_head_json":{"title":"Kontakt - Coaching K\u00f6ln. Sibylle Kaminski.","description":"\u27a4 Sibylle Kaminski, Coaching K\u00f6ln, \u2709 Mevissenstra\u00dfe 16, 50668 K\u00f6ln (N\u00e4he Hbf, Ebertplatz), \u260e 0173-7457767.","robots":{"index":"index","follow":"follow","max-snippet":"max-snippet:-1","max-image-preview":"max-image-preview:large","max-video-preview":"max-video-preview:-1"},"canonical":"https:\/\/www.sibyllekaminski.de\/coaching-koeln\/kontakt","og_locale":"de_DE","og_type":"article","og_title":"Kontakt - Coaching K\u00f6ln. Sibylle Kaminski.","og_description":"\u27a4 Sibylle Kaminski, Coaching K\u00f6ln, \u2709 Mevissenstra\u00dfe 16, 50668 K\u00f6ln (N\u00e4he Hbf, Ebertplatz), \u260e 0173-7457767.","og_url":"https:\/\/www.sibyllekaminski.de\/coaching-koeln\/kontakt","og_site_name":"Coaching K\u00f6ln. Sibylle Kaminski.","article_publisher":"https:\/\/www.facebook.com\/relax.your.work\/","article_modified_time":"2026-04-11T07:49:53+00:00","og_image":[{"width":500,"height":333,"url":"https:\/\/www.sibyllekaminski.de\/coaching-koeln\/wp-content\/uploads\/2306_sibylle-kaminski-fotocrendel-freude-0024-scaled-e1775893736818.jpg","type":"image\/jpeg"}],"twitter_card":"summary_large_image","twitter_misc":{"Gesch\u00e4tzte Lesezeit":"1\u00a0Minute"},"schema":{"@context":"https:\/\/schema.org","@graph":[{"@type":"WebPage","@id":"https:\/\/www.sibyllekaminski.de\/coaching-koeln\/kontakt","url":"https:\/\/www.sibyllekaminski.de\/coaching-koeln\/kontakt","name":"Kontakt - Coaching K\u00f6ln. Sibylle Kaminski.","isPartOf":{"@id":"https:\/\/www.sibyllekaminski.de\/coaching-koeln\/#website"},"primaryImageOfPage":{"@id":"https:\/\/www.sibyllekaminski.de\/coaching-koeln\/kontakt#primaryimage"},"image":{"@id":"https:\/\/www.sibyllekaminski.de\/coaching-koeln\/kontakt#primaryimage"},"thumbnailUrl":"https:\/\/www.sibyllekaminski.de\/coaching-koeln\/wp-content\/uploads\/2306_sibylle-kaminski-fotocrendel-freude-0024-scaled-e1775893736818.jpg","datePublished":"2016-11-28T17:32:55+00:00","dateModified":"2026-04-11T07:49:53+00:00","description":"\u27a4 Sibylle Kaminski, Coaching K\u00f6ln, \u2709 Mevissenstra\u00dfe 16, 50668 K\u00f6ln (N\u00e4he Hbf, Ebertplatz), \u260e 0173-7457767.","breadcrumb":{"@id":"https:\/\/www.sibyllekaminski.de\/coaching-koeln\/kontakt#breadcrumb"},"inLanguage":"de","potentialAction":[{"@type":"ReadAction","target":["https:\/\/www.sibyllekaminski.de\/coaching-koeln\/kontakt"]}]},{"@type":"ImageObject","inLanguage":"de","@id":"https:\/\/www.sibyllekaminski.de\/coaching-koeln\/kontakt#primaryimage","url":"https:\/\/www.sibyllekaminski.de\/coaching-koeln\/wp-content\/uploads\/2306_sibylle-kaminski-fotocrendel-freude-0024-scaled-e1775893736818.jpg","contentUrl":"https:\/\/www.sibyllekaminski.de\/coaching-koeln\/wp-content\/uploads\/2306_sibylle-kaminski-fotocrendel-freude-0024-scaled-e1775893736818.jpg","width":500,"height":333,"caption":"Portrait Sibylle Kaminski"},{"@type":"BreadcrumbList","@id":"https:\/\/www.sibyllekaminski.de\/coaching-koeln\/kontakt#breadcrumb","itemListElement":[{"@type":"ListItem","position":1,"name":"Startseite","item":"https:\/\/www.sibyllekaminski.de\/coaching-koeln\/"},{"@type":"ListItem","position":2,"name":"Kontakt"}]},{"@type":"WebSite","@id":"https:\/\/www.sibyllekaminski.de\/coaching-koeln\/#website","url":"https:\/\/www.sibyllekaminski.de\/coaching-koeln\/","name":"Coaching K\u00f6ln. Sibylle Kaminski.","description":"Systemisches Business Coaching und Life Coaching in K\u00f6ln. Stressbew\u00e4ltigungsseminare. Achtsamkeitsseminar im Kloster. Durchsetzungstraining f\u00fcr Frauen.","publisher":{"@id":"https:\/\/www.sibyllekaminski.de\/coaching-koeln\/#organization"},"potentialAction":[{"@type":"SearchAction","target":{"@type":"EntryPoint","urlTemplate":"https:\/\/www.sibyllekaminski.de\/coaching-koeln\/?s={search_term_string}"},"query-input":{"@type":"PropertyValueSpecification","valueRequired":true,"valueName":"search_term_string"}}],"inLanguage":"de"},{"@type":"Organization","@id":"https:\/\/www.sibyllekaminski.de\/coaching-koeln\/#organization","name":"Erfolgswege f\u00fcr Menschen und Unternehmen","url":"https:\/\/www.sibyllekaminski.de\/coaching-koeln\/","logo":{"@type":"ImageObject","inLanguage":"de","@id":"https:\/\/www.sibyllekaminski.de\/coaching-koeln\/#\/schema\/logo\/image\/","url":"https:\/\/www.sibyllekaminski.de\/coaching-koeln\/wp-content\/uploads\/2016\/10\/logo.png","contentUrl":"https:\/\/www.sibyllekaminski.de\/coaching-koeln\/wp-content\/uploads\/2016\/10\/logo.png","width":534,"height":78,"caption":"Erfolgswege f\u00fcr Menschen und Unternehmen"},"image":{"@id":"https:\/\/www.sibyllekaminski.de\/coaching-koeln\/#\/schema\/logo\/image\/"},"sameAs":["https:\/\/www.facebook.com\/relax.your.work\/"]}]}},"_links":{"self":[{"href":"https:\/\/www.sibyllekaminski.de\/coaching-koeln\/wp-json\/wp\/v2\/pages\/462","targetHints":{"allow":["GET"]}}],"collection":[{"href":"https:\/\/www.sibyllekaminski.de\/coaching-koeln\/wp-json\/wp\/v2\/pages"}],"about":[{"href":"https:\/\/www.sibyllekaminski.de\/coaching-koeln\/wp-json\/wp\/v2\/types\/page"}],"author":[{"embeddable":true,"href":"https:\/\/www.sibyllekaminski.de\/coaching-koeln\/wp-json\/wp\/v2\/users\/6"}],"replies":[{"embeddable":true,"href":"https:\/\/www.sibyllekaminski.de\/coaching-koeln\/wp-json\/wp\/v2\/comments?post=462"}],"version-history":[{"count":75,"href":"https:\/\/www.sibyllekaminski.de\/coaching-koeln\/wp-json\/wp\/v2\/pages\/462\/revisions"}],"predecessor-version":[{"id":3638,"href":"https:\/\/www.sibyllekaminski.de\/coaching-koeln\/wp-json\/wp\/v2\/pages\/462\/revisions\/3638"}],"wp:attachment":[{"href":"https:\/\/www.sibyllekaminski.de\/coaching-koeln\/wp-json\/wp\/v2\/media?parent=462"}],"curies":[{"name":"wp","href":"https:\/\/api.w.org\/{rel}","templated":true}]}}